{"id":109647,"date":"2022-09-20T23:46:46","date_gmt":"2022-09-20T23:46:46","guid":{"rendered":"https:\/\/new.corporaciondoxa.com\/?page_id=109647"},"modified":"2026-04-07T22:32:35","modified_gmt":"2026-04-07T22:32:35","slug":"quienes-somos","status":"publish","type":"page","link":"https:\/\/new.corporaciondoxa.com\/?page_id=109647","title":{"rendered":"Quienes somos"},"content":{"rendered":"<p>[et_pb_section fb_built=\u00bb1&#8243; admin_label=\u00bbCall to Action\u00bb _builder_version=\u00bb4.27.6&#8243; _module_preset=\u00bbdefault\u00bb hover_enabled=\u00bb0&#8243; collapsed=\u00bbon\u00bb global_colors_info=\u00bb{}\u00bb background_color=\u00bb#f5f3ee\u00bb sticky_enabled=\u00bb0&#8243; title_text=\u00bbTutoring-Service_Footer\u00bb background_enable_image=\u00bboff\u00bb][et_pb_row column_structure=\u00bb1_2,1_2&#8243; _builder_version=\u00bb4.22.0&#8243; _module_preset=\u00bbdefault\u00bb max_width=\u00bb1280px\u00bb hover_enabled=\u00bb0&#8243; global_colors_info=\u00bb{}\u00bb sticky_enabled=\u00bb0&#8243;][et_pb_column type=\u00bb1_2&#8243; _builder_version=\u00bb4.22.0&#8243; _module_preset=\u00bbdefault\u00bb global_colors_info=\u00bb{}\u00bb][et_pb_image src=\u00bbhttps:\/\/new.corporaciondoxa.com\/wp-content\/uploads\/2026\/04\/quienes1.png\u00bb title_text=\u00bbquienes1&#8243; _builder_version=\u00bb4.27.6&#8243; _module_preset=\u00bbdefault\u00bb scroll_vertical_motion_enable=\u00bbon\u00bb scroll_vertical_motion=\u00bb0|50|50|100|-1|0|1&#8243; hover_enabled=\u00bb0&#8243; border_radii=\u00bbon|10px|10px|10px|10px\u00bb global_colors_info=\u00bb{}\u00bb sticky_enabled=\u00bb0&#8243;][\/et_pb_image][\/et_pb_column][et_pb_column type=\u00bb1_2&#8243; _builder_version=\u00bb4.22.0&#8243; _module_preset=\u00bbdefault\u00bb custom_padding=\u00bb120px||||false|false\u00bb custom_padding_tablet=\u00bb0px||||false|false\u00bb custom_padding_phone=\u00bb0px||||false|false\u00bb custom_padding_last_edited=\u00bbon|desktop\u00bb global_colors_info=\u00bb{}\u00bb][et_pb_text _builder_version=\u00bb4.27.6&#8243; _module_preset=\u00bb25994a55-601d-4919-a3cb-fc9b63facbf0&#8243; header_4_text_color=\u00bbgcid-f97cece5-7be8-4f1e-9c80-b24cb8a333b3&#8243; hover_enabled=\u00bb0&#8243; locked=\u00bboff\u00bb global_colors_info=\u00bb{%22gcid-f97cece5-7be8-4f1e-9c80-b24cb8a333b3%22:%91%22header_4_text_color%22%93}\u00bb sticky_enabled=\u00bb0&#8243; custom_padding=\u00bb13px||0px|||\u00bb min_height=\u00bb16.6px\u00bb]<\/p>\n<h4>Corporacion doxa<\/h4>\n<p>[\/et_pb_text][et_pb_text _builder_version=\u00bb4.22.0&#8243; _module_preset=\u00bbaa0807ab-12da-487c-bd87-340b6622f34a\u00bb custom_margin=\u00bb||10px||false|false\u00bb global_colors_info=\u00bb{}\u00bb custom_padding=\u00bb37px|||||\u00bb]<\/p>\n<h2>\u00bfQui\u00e9nes somos?<\/h2>\n<p>[\/et_pb_text][et_pb_text _builder_version=\u00bb4.22.0&#8243; _module_preset=\u00bbb53dcd52-b6e4-4113-8ef7-5e2a852c3f81&#8243; custom_margin=\u00bb10px||0px||false|false\u00bb global_colors_info=\u00bb{}\u00bb custom_padding=\u00bb0px|||||\u00bb]<\/p>\n<p><span style=\"font-weight: 400;\"><span style=\"vertical-align: inherit;\">La Corporaci\u00f3n Doxa es una entidad sin \u00e1nimo de lucro que beneficia a toda clase de poblaci\u00f3n vulnerable (Adulto Mayor, ni\u00f1os y adolecentes, personas con discapacidad, Poblaci\u00f3n Migrante o desplazada) a trav\u00e9s de capacitaci\u00f3n, rehabilitaci\u00f3n integral, formaci\u00f3n e inserci\u00f3n familiar, social y productiva.<\/span><\/span><\/p>\n<p>[\/et_pb_text][\/et_pb_column][\/et_pb_row][\/et_pb_section][et_pb_section fb_built=\u00bb1&#8243; theme_builder_area=\u00bbpost_content\u00bb _builder_version=\u00bb4.27.6&#8243; _module_preset=\u00bbdefault\u00bb top_divider_style=\u00bbwave\u00bb hover_enabled=\u00bb0&#8243; sticky_enabled=\u00bb0&#8243; prev_background_color=\u00bb#f5f3ee\u00bb][et_pb_row _builder_version=\u00bb4.27.6&#8243; _module_preset=\u00bbdefault\u00bb theme_builder_area=\u00bbpost_content\u00bb][et_pb_column _builder_version=\u00bb4.27.6&#8243; _module_preset=\u00bbdefault\u00bb type=\u00bb4_4&#8243; theme_builder_area=\u00bbpost_content\u00bb][et_pb_divider _builder_version=\u00bb4.27.6&#8243; _module_preset=\u00bbdefault\u00bb theme_builder_area=\u00bbpost_content\u00bb hover_enabled=\u00bb0&#8243; sticky_enabled=\u00bb0&#8243;][\/et_pb_divider][\/et_pb_column][\/et_pb_row][\/et_pb_section][et_pb_section fb_built=\u00bb1&#8243; admin_label=\u00bbPricing\u00bb _builder_version=\u00bb4.27.6&#8243; _module_preset=\u00bbdefault\u00bb background_color=\u00bbrgba(83,170,252,0.8)\u00bb background_image=\u00bbhttps:\/\/new.corporaciondoxa.com\/wp-content\/uploads\/2026\/04\/virtual-courses-illustration-04.png\u00bb background_size=\u00bbinitial\u00bb background_position=\u00bbtop_center\u00bb custom_margin=\u00bb30px|30px|30px|30px|true|true\u00bb hover_enabled=\u00bb0&#8243; border_radii=\u00bbon|10px|10px|10px|10px\u00bb collapsed=\u00bbon\u00bb global_colors_info=\u00bb{}\u00bb title_text=\u00bbvirtual-courses-illustration-04&#8243; sticky_enabled=\u00bb0&#8243;][et_pb_row _builder_version=\u00bb4.22.0&#8243; _module_preset=\u00bbdefault\u00bb max_width=\u00bb800px\u00bb global_colors_info=\u00bb{}\u00bb][et_pb_column type=\u00bb4_4&#8243; _builder_version=\u00bb4.22.0&#8243; _module_preset=\u00bbdefault\u00bb global_colors_info=\u00bb{}\u00bb][et_pb_text _builder_version=\u00bb4.22.0&#8243; _module_preset=\u00bbaa0807ab-12da-487c-bd87-340b6622f34a\u00bb header_2_text_color=\u00bb#000000&#8243; text_orientation=\u00bbcenter\u00bb custom_margin=\u00bb||10px||false|false\u00bb global_colors_info=\u00bb{}\u00bb]<\/p>\n<h2>Nuestra visi\u00f3n y misi\u00f3n<\/h2>\n<p>[\/et_pb_text][et_pb_text _builder_version=\u00bb4.22.0&#8243; _module_preset=\u00bbb53dcd52-b6e4-4113-8ef7-5e2a852c3f81&#8243; text_text_color=\u00bb#000000&#8243; text_orientation=\u00bbcenter\u00bb global_colors_info=\u00bb{}\u00bb]<\/p>\n<p><span style=\"font-weight: 400;\"><span style=\"vertical-align: inherit;\">Contamos con un equipo de trabajo altamente calificado e interdisciplinario\u00a0 comprometidos con la causa social y la ayuda humanitaria que d\u00eda a d\u00eda trabajan por el mejoramiento de la calidad de vida de todos nuestros beneficiarios, respetando los principios institucionales, con procesos eficientes, recursos e infraestructura de alta calidad y sostenibilidad ambiental.<\/span><\/span><\/p>\n<p>[\/et_pb_text][\/et_pb_column][\/et_pb_row][et_pb_row column_structure=\u00bb1_2,1_2&#8243; make_equal=\u00bbon\u00bb _builder_version=\u00bb4.24.2&#8243; _module_preset=\u00bbdefault\u00bb locked=\u00bboff\u00bb global_colors_info=\u00bb{}\u00bb][et_pb_column type=\u00bb1_2&#8243; _builder_version=\u00bb4.24.2&#8243; _module_preset=\u00bbdefault\u00bb background_color=\u00bb#FFFFFF\u00bb custom_padding=\u00bb40px|40px|40px|40px|true|true\u00bb custom_padding_tablet=\u00bb30px|30px|30px|30px|true|false\u00bb custom_padding_phone=\u00bb20px|20px|20px|20px|true|true\u00bb custom_padding_last_edited=\u00bbon|phone\u00bb border_radii=\u00bbon|10px|10px|10px|10px\u00bb global_colors_info=\u00bb{}\u00bb][et_pb_text _builder_version=\u00bb4.24.2&#8243; _module_preset=\u00bbc00685dc-8c6a-414b-8fa3-4258e37560cb\u00bb global_colors_info=\u00bb{}\u00bb]<\/p>\n<h3>Visi\u00f3n<\/h3>\n<p>[\/et_pb_text][et_pb_text _builder_version=\u00bb4.24.2&#8243; _module_preset=\u00bbb53dcd52-b6e4-4113-8ef7-5e2a852c3f81&#8243; global_colors_info=\u00bb{}\u00bb]<\/p>\n<p><span style=\"font-weight: 400;\"><span style=\"vertical-align: inherit;\">Ser reconocidos como una Corporaci\u00f3n l\u00edder en procesos de atenci\u00f3n a poblaci\u00f3n vulnerable, formaci\u00f3n e\u00a0 inclusi\u00f3n\u00a0 en procesos de rehabilitaci\u00f3n funcional, social y productiva con sostenibilidad ambiental a nivel nacional e internacional.<\/span><\/span><\/p>\n<p>[\/et_pb_text][\/et_pb_column][et_pb_column type=\u00bb1_2&#8243; _builder_version=\u00bb4.24.2&#8243; _module_preset=\u00bbdefault\u00bb background_color=\u00bb#000000&#8243; custom_padding=\u00bb40px|40px|40px|40px|true|true\u00bb custom_padding_tablet=\u00bb30px|30px|30px|30px|true|false\u00bb custom_padding_phone=\u00bb20px|20px|20px|20px|true|true\u00bb custom_padding_last_edited=\u00bbon|desktop\u00bb border_radii=\u00bbon|10px|10px|10px|10px\u00bb global_colors_info=\u00bb{}\u00bb][et_pb_text _builder_version=\u00bb4.24.2&#8243; _module_preset=\u00bbc00685dc-8c6a-414b-8fa3-4258e37560cb\u00bb header_3_text_color=\u00bb#FFFFFF\u00bb global_colors_info=\u00bb{}\u00bb]<\/p>\n<h3>Misi\u00f3n<\/h3>\n<p>[\/et_pb_text][et_pb_text _builder_version=\u00bb4.22.0&#8243; _module_preset=\u00bbb53dcd52-b6e4-4113-8ef7-5e2a852c3f81&#8243; text_text_color=\u00bb#FFFFFF\u00bb global_colors_info=\u00bb{}\u00bb]<\/p>\n<p style=\"text-align: justify;\"><span style=\"font-weight: 400;\"><span style=\"vertical-align: inherit;\">Somos una Corporaci\u00f3n sin \u00e1nimo de lucro\u00a0 dedicada a la atenci\u00f3n de poblaci\u00f3n vulnerable, propendiendo por su\u00a0 rehabilitaci\u00f3n integral, formaci\u00f3n, empoderamiento y desarrollo para su inclusi\u00f3n familiar, social y productiva.<\/span><\/span><\/p>\n<p style=\"text-align: justify;\"><span style=\"font-weight: 400;\"><span style=\"vertical-align: inherit;\">Siempre comprometidos en el desarrollo de nuestros proyectos con el medio ambiente.<\/span><\/span><\/p>\n<p>[\/et_pb_text][\/et_pb_column][\/et_pb_row][\/et_pb_section][et_pb_section fb_built=\u00bb1&#8243; fullwidth=\u00bbon\u00bb _builder_version=\u00bb4.17.6&#8243; _module_preset=\u00bbdefault\u00bb global_colors_info=\u00bb{}\u00bb][et_pb_fullwidth_header title=\u00bbQuines somos\u00bb subhead=\u00bbCorporaci\u00f3n doxa\u00bb text_orientation=\u00bbcenter\u00bb header_scroll_down=\u00bbon\u00bb scroll_down_icon=\u00bb%%9%%\u00bb scroll_down_icon_size=\u00bb44px\u00bb _builder_version=\u00bb4.17.6&#8243; _module_preset=\u00bbdefault\u00bb title_font=\u00bb|700|||||||\u00bb title_text_align=\u00bbcenter\u00bb title_font_size=\u00bb47px\u00bb content_font=\u00bb|700|||||||\u00bb content_font_size=\u00bb1px\u00bb subhead_font=\u00bb||||||||\u00bb subhead_text_align=\u00bbcenter\u00bb subhead_font_size=\u00bb21px\u00bb background_image=\u00bbhttps:\/\/new.corporaciondoxa.com\/wp-content\/uploads\/2022\/10\/WhatsApp-Image-2022-10-28-at-3.58.47-PM.jpeg\u00bb background_position=\u00bbtop_center\u00bb background_vertical_offset=\u00bb26%\u00bb width=\u00bb100%\u00bb height=\u00bb329px\u00bb custom_margin=\u00bb||||false|false\u00bb custom_padding=\u00bb99px||0px||false|false\u00bb custom_padding_tablet=\u00bb99px||0px||false|false\u00bb custom_padding_phone=\u00bb87px||||false|false\u00bb custom_padding_last_edited=\u00bbon|phone\u00bb scroll_horizontal_motion_enable=\u00bboff\u00bb scroll_horizontal_motion=\u00bb0|50|50|100|4|0|-4&#8243; title_text_shadow_style=\u00bbpreset5&#8243; title_text_shadow_horizontal_length=\u00bb0.07em\u00bb title_text_shadow_vertical_length=\u00bb0.05em\u00bb text_shadow_style=\u00bbpreset2&#8243; text_shadow_horizontal_length=\u00bb0.29em\u00bb text_shadow_vertical_length=\u00bb-0.09em\u00bb text_shadow_blur_strength=\u00bb0em\u00bb global_colors_info=\u00bb{}\u00bb][\/et_pb_fullwidth_header][\/et_pb_section][et_pb_section fb_built=\u00bb1&#8243; _builder_version=\u00bb4.17.6&#8243; _module_preset=\u00bbdefault\u00bb custom_margin_tablet=\u00bb\u00bb custom_margin_phone=\u00bb48px||||false|false\u00bb custom_margin_last_edited=\u00bbon|phone\u00bb custom_padding=\u00bb||3px|||\u00bb global_colors_info=\u00bb{}\u00bb][et_pb_row column_structure=\u00bb1_2,1_2&#8243; _builder_version=\u00bb4.17.6&#8243; _module_preset=\u00bbdefault\u00bb global_colors_info=\u00bb{}\u00bb][et_pb_column type=\u00bb1_2&#8243; _builder_version=\u00bb4.17.6&#8243; _module_preset=\u00bbdefault\u00bb global_colors_info=\u00bb{}\u00bb][dsm_gradient_text gradient_text=\u00bbMisi\u00f3n\u00bb _builder_version=\u00bb4.17.6&#8243; _module_preset=\u00bbdefault\u00bb header_font=\u00bb|800|||||||\u00bb header_font_size=\u00bb47px\u00bb background_color_gradient_stops=\u00bb#47187d 35%|#00a1d3 87%\u00bb global_colors_info=\u00bb{}\u00bb][\/dsm_gradient_text][et_pb_divider color=\u00bb#00a1d3&#8243; divider_weight=\u00bb4px\u00bb _builder_version=\u00bb4.17.6&#8243; _module_preset=\u00bbdefault\u00bb width=\u00bb56%\u00bb max_width=\u00bb10%\u00bb custom_margin=\u00bb-24px||||false|false\u00bb global_colors_info=\u00bb{}\u00bb][\/et_pb_divider][dsm_lottie lottie_speed=\u00bb1.2&#8243; _builder_version=\u00bb4.17.6&#8243; _module_preset=\u00bbdefault\u00bb global_colors_info=\u00bb{}\u00bb][\/dsm_lottie][et_pb_text _builder_version=\u00bb4.17.6&#8243; _module_preset=\u00bbdefault\u00bb text_font_size=\u00bb18px\u00bb global_colors_info=\u00bb{}\u00bb]<\/p>\n<p style=\"text-align: justify;\"><span style=\"font-weight: 400;\"><span style=\"vertical-align: inherit;\"><span style=\"vertical-align: inherit;\"><span style=\"vertical-align: inherit;\"><span style=\"vertical-align: inherit;\">Somos una Corporaci\u00f3n sin \u00e1nimo de lucro\u00a0 dedicada a la atenci\u00f3n de poblaci\u00f3n vulnerable, propendiendo por su\u00a0 rehabilitaci\u00f3n integral, formaci\u00f3n, empoderamiento y desarrollo para su inclusi\u00f3n familiar, social y productiva.<\/span><\/span><\/span><\/span><\/span><\/p>\n<p style=\"text-align: justify;\"><span style=\"font-weight: 400;\"><span style=\"vertical-align: inherit;\"><span style=\"vertical-align: inherit;\"><span style=\"vertical-align: inherit;\"><span style=\"vertical-align: inherit;\">Siempre comprometidos en el desarrollo de nuestros proyectos con el medio ambiente.<\/span><\/span><\/span><\/span><\/span><\/p>\n<p>[\/et_pb_text][\/et_pb_column][et_pb_column type=\u00bb1_2&#8243; _builder_version=\u00bb4.17.6&#8243; _module_preset=\u00bbdefault\u00bb global_colors_info=\u00bb{}\u00bb][dsm_gradient_text gradient_text=\u00bbVisi\u00f3n\u00bb _builder_version=\u00bb4.17.6&#8243; _module_preset=\u00bbdefault\u00bb header_font=\u00bb|800|||||||\u00bb header_font_size=\u00bb47px\u00bb background_color_gradient_stops=\u00bb#47187d 35%|#00a1d3 87%\u00bb custom_margin=\u00bb||||false|false\u00bb custom_margin_tablet=\u00bb||||false|false\u00bb custom_margin_phone=\u00bb21px||||false|false\u00bb custom_margin_last_edited=\u00bbon|phone\u00bb global_colors_info=\u00bb{}\u00bb][\/dsm_gradient_text][et_pb_divider color=\u00bb#00a1d3&#8243; divider_weight=\u00bb4px\u00bb _builder_version=\u00bb4.17.6&#8243; _module_preset=\u00bbdefault\u00bb width=\u00bb56%\u00bb max_width=\u00bb10%\u00bb custom_margin=\u00bb-24px||||false|false\u00bb global_colors_info=\u00bb{}\u00bb][\/et_pb_divider][et_pb_text _builder_version=\u00bb4.17.6&#8243; _module_preset=\u00bbdefault\u00bb text_font_size=\u00bb18px\u00bb global_colors_info=\u00bb{}\u00bb]<\/p>\n<p style=\"text-align: justify;\"><span style=\"font-weight: 400;\"><span style=\"vertical-align: inherit;\"><span style=\"vertical-align: inherit;\">Ser reconocidos como una Corporaci\u00f3n l\u00edder en procesos de atenci\u00f3n a poblaci\u00f3n vulnerable, formaci\u00f3n e\u00a0 inclusi\u00f3n\u00a0 en procesos de rehabilitaci\u00f3n funcional, social y productiva con sostenibilidad ambiental a nivel nacional e internacional.<\/span><\/span><\/span><\/p>\n<p>[\/et_pb_text][\/et_pb_column][\/et_pb_row][\/et_pb_section][et_pb_section fb_built=\u00bb1&#8243; _builder_version=\u00bb4.17.6&#8243; _module_preset=\u00bbdefault\u00bb custom_margin=\u00bb27px|||||\u00bb custom_padding=\u00bb31px|||||\u00bb global_colors_info=\u00bb{}\u00bb][et_pb_row _builder_version=\u00bb4.17.6&#8243; _module_preset=\u00bbdefault\u00bb global_colors_info=\u00bb{}\u00bb][et_pb_column type=\u00bb4_4&#8243; _builder_version=\u00bb4.17.6&#8243; _module_preset=\u00bbdefault\u00bb global_colors_info=\u00bb{}\u00bb][et_pb_divider color=\u00bb#00a1d3&#8243; divider_weight=\u00bb4px\u00bb _builder_version=\u00bb4.17.6&#8243; _module_preset=\u00bbdefault\u00bb width=\u00bb56%\u00bb max_width=\u00bb100%\u00bb module_alignment=\u00bbcenter\u00bb custom_margin=\u00bb-24px||||false|false\u00bb global_colors_info=\u00bb{}\u00bb][\/et_pb_divider][et_pb_text _builder_version=\u00bb4.17.6&#8243; _module_preset=\u00bbdefault\u00bb text_font_size=\u00bb18px\u00bb background_color=\u00bb#f7f7f7&#8243; custom_padding=\u00bb26px|26px|26px|26px|false|false\u00bb custom_padding_tablet=\u00bb26px|26px|26px|26px|false|false\u00bb custom_padding_phone=\u00bb10px|10px|10px|10px|false|false\u00bb custom_padding_last_edited=\u00bbon|phone\u00bb global_colors_info=\u00bb{}\u00bb]<\/p>\n<p style=\"text-align: justify;\"><span style=\"font-weight: 400;\"><span style=\"vertical-align: inherit;\"><span style=\"vertical-align: inherit;\"><span style=\"vertical-align: inherit;\"><span style=\"vertical-align: inherit;\"><span style=\"vertical-align: inherit;\"><span style=\"vertical-align: inherit;\"><span style=\"vertical-align: inherit;\"><span style=\"vertical-align: inherit;\">La Corporacion Doxa es una entidad sin \u00e1nimo de lucro que beneficia a toda clase de poblaci\u00f3n vulnerable (Adulto Mayor, ni\u00f1os y adolecentes, personas con discapacidad, Poblaci\u00f3n Migrante o desplazada) a trav\u00e9s de capacitaci\u00f3n, rehabilitaci\u00f3n integral, formaci\u00f3n e inserci\u00f3n familiar, social y productiva.<\/span><\/span><\/span><\/span><\/span><\/span><\/span><\/span><\/span><\/p>\n<p>&nbsp;<\/p>\n<p style=\"text-align: justify;\"><span style=\"font-weight: 400;\"><span style=\"vertical-align: inherit;\"><span style=\"vertical-align: inherit;\"><span style=\"vertical-align: inherit;\"><span style=\"vertical-align: inherit;\"><span style=\"vertical-align: inherit;\"><span style=\"vertical-align: inherit;\"><span style=\"vertical-align: inherit;\"><span style=\"vertical-align: inherit;\">Contamos con un equipo de trabajo altamente calificado e interdisciplinario\u00a0 comprometidos con la causa social y la ayuda humanitaria que d\u00eda a d\u00eda trabajan por el mejoramiento de la calidad de vida de todos nuestros beneficiarios, respetando los principios institucionales, con procesos eficientes, recursos e infraestructura de alta calidad y sostenibilidad ambiental.<\/span><\/span><\/span><\/span><\/span><\/span><\/span><\/span><\/span><\/p>\n<p>[\/et_pb_text][\/et_pb_column][\/et_pb_row][\/et_pb_section]<\/p>\n","protected":false},"excerpt":{"rendered":"<p>Corporacion doxa\u00bfQui\u00e9nes somos?La Corporaci\u00f3n Doxa es una entidad sin \u00e1nimo de lucro que beneficia a toda clase de poblaci\u00f3n vulnerable (Adulto Mayor, ni\u00f1os y adolecentes, personas con discapacidad, Poblaci\u00f3n Migrante o desplazada) a trav\u00e9s de capacitaci\u00f3n, rehabilitaci\u00f3n integral, formaci\u00f3n e inserci\u00f3n familiar, social y productiva.Nuestra visi\u00f3n y misi\u00f3nContamos con un equipo de trabajo altamente calificado [&hellip;]<\/p>\n","protected":false},"author":1,"featured_media":0,"parent":0,"menu_order":2,"comment_status":"closed","ping_status":"closed","template":"","meta":{"_et_pb_use_builder":"on","_et_pb_old_content":"","_et_gb_content_width":"","footnotes":""},"class_list":["post-109647","page","type-page","status-publish","hentry"],"_links":{"self":[{"href":"https:\/\/new.corporaciondoxa.com\/index.php?rest_route=\/wp\/v2\/pages\/109647","targetHints":{"allow":["GET"]}}],"collection":[{"href":"https:\/\/new.corporaciondoxa.com\/index.php?rest_route=\/wp\/v2\/pages"}],"about":[{"href":"https:\/\/new.corporaciondoxa.com\/index.php?rest_route=\/wp\/v2\/types\/page"}],"author":[{"embeddable":true,"href":"https:\/\/new.corporaciondoxa.com\/index.php?rest_route=\/wp\/v2\/users\/1"}],"replies":[{"embeddable":true,"href":"https:\/\/new.corporaciondoxa.com\/index.php?rest_route=%2Fwp%2Fv2%2Fcomments&post=109647"}],"version-history":[{"count":13,"href":"https:\/\/new.corporaciondoxa.com\/index.php?rest_route=\/wp\/v2\/pages\/109647\/revisions"}],"predecessor-version":[{"id":110867,"href":"https:\/\/new.corporaciondoxa.com\/index.php?rest_route=\/wp\/v2\/pages\/109647\/revisions\/110867"}],"wp:attachment":[{"href":"https:\/\/new.corporaciondoxa.com\/index.php?rest_route=%2Fwp%2Fv2%2Fmedia&parent=109647"}],"curies":[{"name":"wp","href":"https:\/\/api.w.org\/{rel}","templated":true}]}}